{"id":4465,"date":"2024-01-15T20:10:24","date_gmt":"2024-01-15T20:10:24","guid":{"rendered":"https:\/\/belsangrowers.com\/our-varieties\/"},"modified":"2024-07-20T07:54:04","modified_gmt":"2024-07-20T07:54:04","slug":"nuestras-variedades","status":"publish","type":"page","link":"https:\/\/belsangrowers.com\/es\/nuestras-variedades\/","title":{"rendered":"Nuestras Variedades"},"content":{"rendered":"<div class=\"wpb-content-wrapper\"><p>[vc_row full_width=\u00bbstretch_row\u00bb css=\u00bb.vc_custom_1705946023842{margin-top: 50px !important;margin-bottom: 0px !important;padding-top: 0px !important;padding-bottom: 0px !important;}\u00bb][vc_column][vc_row_inner css=\u00bb.vc_custom_1705945968344{margin-bottom: 0px !important;padding-bottom: 0px !important;}\u00bb][vc_column_inner width=\u00bb1\/4&#8243;][\/vc_column_inner][vc_column_inner width=\u00bb1\/2&#8243;]\n\t<div class=\"title-subtitle-box  vc_custom_1721440864588\" style=\" text-align: center;\">\n\t\t<h1 style=\" color:#ffffff;  font-style: normal;\" class=\"special-title\" >\n\t\t<span style=\" color:#ffffff; \">LIMONES BELSAN<\/span>Nuestras Variedades<\/h1>\n\t\t<span class=\"gg-horizontal-line\" style=\"background: #c89500\" ><\/span>\n\t\t<div class=\"box-description\"><p><span style=\"color: #ffffff;\">Descubre todas nuestras variedades de limones y pomelos, sus temporadas, tama\u00f1os y tipo de envase.\u00a0<\/span><\/p>\n<\/div>\n\t<\/div> [\/vc_column_inner][vc_column_inner width=\u00bb1\/4&#8243;][\/vc_column_inner][\/vc_row_inner][\/vc_column][\/vc_row][vc_row full_width=\u00bbstretch_row\u00bb css=\u00bb.vc_custom_1705964358799{margin-top: 0px !important;margin-bottom: 150px !important;padding-top: 0px !important;padding-bottom: 0px !important;background-color: #09124b !important;background-position: center !important;background-repeat: no-repeat !important;background-size: cover !important;}\u00bb el_class=\u00bbno-overflow\u00bb][vc_column css=\u00bb.vc_custom_1705946075850{margin-top: 0px !important;padding-top: 0px !important;}\u00bb][vc_row_inner content_placement=\u00bbtop\u00bb css=\u00bb.vc_custom_1705946086210{padding-top: 4em !important;}\u00bb][vc_column_inner width=\u00bb1\/2&#8243; css=\u00bb.vc_custom_1705915511441{margin-top: -7em !important;margin-right: 0px !important;margin-bottom: 0px !important;margin-left: 0px !important;padding-top: 0px !important;padding-right: 0px !important;padding-bottom: 0px !important;padding-left: 0px !important;background-color: #09124b !important;}\u00bb][vc_single_image image=\u00bb3910&#8243; img_size=\u00bbfull\u00bb css=\u00bb.vc_custom_1705914056911{margin: 0px !important;padding: 0px !important;}\u00bb][\/vc_column_inner][vc_column_inner width=\u00bb1\/2&#8243; css=\u00bb.vc_custom_1705945571359{padding-top: 10% !important;padding-right: 10% !important;padding-bottom: 10% !important;padding-left: 10% !important;background-color: #ffffff !important;}\u00bb]\n\t<div class=\"title-subtitle-box  vc_custom_1721440945053\" style=\" text-align: left;\">\n\t\t<h1 style=\" color:#09124b;  font-style: normal;\" class=\"special-title\" >\n\t\t<span style=\" color:#09124b; \">LIMONES BELSAN<\/span>PRIMOFIORI<\/h1>\n\t\t<span class=\"gg-horizontal-line\"  ><\/span>\n\t<\/div> [vc_column_text css=\u00bb.vc_custom_1721440960279{margin-top: 0px !important;margin-bottom: 0px !important;padding-top: 0px !important;padding-bottom: 0px !important;}\u00bb]Se trata de una variedad procedente de Jap\u00f3n, muy plantada en los campos espa\u00f1oles.<\/p>\n<p>La recolecci\u00f3n comienza a finales de septiembre, es la variedad principal de Limones Belsan, y con esta variedad conseguimos llegar hasta mediados de mayo, gracias a nuestra t\u00e9cnica de cultivo.[\/vc_column_text][vc_column_text css=\u00bb.vc_custom_1721441010274{margin-top: 30px !important;margin-bottom: 0px !important;padding-top: 0px !important;padding-bottom: 0px !important;}\u00bb]<\/p>\n<h6><span style=\"color: #09124b; font-size: 16px;\">CALENDARIO:<\/span><\/h6>\n<p><span style=\"color: #09124b;\">De septiembre a mayo.<\/span>[\/vc_column_text][vc_column_text css=\u00bb.vc_custom_1721441021412{margin-top: 30px !important;margin-bottom: 0px !important;padding-top: 0px !important;padding-bottom: 0px !important;}\u00bb]<\/p>\n<h6><span style=\"color: #09124b; font-size: 16px;\">EMBALAJE:<\/span><\/h6>\n<p>[\/vc_column_text][vc_toggle title=\u00bbBelsan\u00bb style=\u00bbsimple\u00bb size=\u00bblg\u00bb custom_font_container=\u00bbtag:h6|font_size:18px|text_align:left|color:%2309124b|line_height:32px\u00bb custom_google_fonts=\u00bbfont_family:Prata%3Aregular|font_style:400%20regular%3A400%3Anormal\u00bb css=\u00bb.vc_custom_1721441122492{margin-top: 10px !important;margin-bottom: 0px !important;margin-left: 15px !important;padding-top: 0px !important;padding-bottom: 0px !important;}\u00bb use_custom_heading=\u00bbtrue\u00bb]<\/p>\n<ul>\n<li>Lim\u00f3n en caja de cart\u00f3n de 5 kilos.<\/li>\n<li>Lim\u00f3n en caja de madera de 5 kilos.<\/li>\n<li>Lim\u00f3n en caja de pl\u00e1stico de 6 kilos.<\/li>\n<li>Lim\u00f3n en caja de cart\u00f3n de 6 kilos.<\/li>\n<li>Lim\u00f3n en caja de madera de 6 kilos.<\/li>\n<li>Lim\u00f3n en caja de cart\u00f3n de 10 kilos.<\/li>\n<li>Lim\u00f3n en caja de madera de 10 kilos.<\/li>\n<li>Lim\u00f3n en caja de cart\u00f3n de 15 kilos.<\/li>\n<li>Lim\u00f3n en malla de 500 gramos.<\/li>\n<li>Lim\u00f3n en malla de 750 gramos.<\/li>\n<li>Lim\u00f3n en malla de 1 kilo.<\/li>\n<\/ul>\n<p>[\/vc_toggle][vc_toggle title=\u00bbBelsan con hoja\u00bb style=\u00bbsimple\u00bb size=\u00bblg\u00bb custom_font_container=\u00bbtag:h6|font_size:18px|text_align:left|color:%2309124b|line_height:32px\u00bb custom_google_fonts=\u00bbfont_family:Prata%3Aregular|font_style:400%20regular%3A400%3Anormal\u00bb css=\u00bb.vc_custom_1721462017767{margin-top: 10px !important;margin-bottom: 0px !important;margin-left: 15px !important;padding-top: 0px !important;padding-bottom: 0px !important;}\u00bb use_custom_heading=\u00bbtrue\u00bb]<\/p>\n<ul>\n<li>Lim\u00f3n con hoja en caja de 7 kilos.<\/li>\n<li>Lim\u00f3n con hoja en bandeja de 7 kilos.<\/li>\n<li>Lim\u00f3n con hoja en caja de 15 kilos.<\/li>\n<\/ul>\n<p>[\/vc_toggle][vc_toggle title=\u00bbBelsan bio\u00bb style=\u00bbsimple\u00bb size=\u00bblg\u00bb custom_font_container=\u00bbtag:h6|font_size:18px|text_align:left|color:%2309124b|line_height:32px\u00bb custom_google_fonts=\u00bbfont_family:Prata%3Aregular|font_style:400%20regular%3A400%3Anormal\u00bb css=\u00bb.vc_custom_1721441203638{margin-top: 10px !important;margin-bottom: 0px !important;margin-left: 15px !important;padding-top: 0px !important;padding-bottom: 0px !important;}\u00bb use_custom_heading=\u00bbtrue\u00bb]<\/p>\n<ul>\n<li>Lim\u00f3n en caja de 5 kilos.<\/li>\n<li>Lim\u00f3n en malla.<\/li>\n<\/ul>\n<p>[\/vc_toggle][\/vc_column_inner][\/vc_row_inner][\/vc_column][\/vc_row][vc_row full_width=\u00bbstretch_row\u00bb css=\u00bb.vc_custom_1705964358799{margin-top: 0px !important;margin-bottom: 150px !important;padding-top: 0px !important;padding-bottom: 0px !important;background-color: #09124b !important;background-position: center !important;background-repeat: no-repeat !important;background-size: cover !important;}\u00bb el_class=\u00bbno-overflow\u00bb][vc_column css=\u00bb.vc_custom_1705946075850{margin-top: 0px !important;padding-top: 0px !important;}\u00bb][vc_row_inner content_placement=\u00bbtop\u00bb css=\u00bb.vc_custom_1705946086210{padding-top: 4em !important;}\u00bb][vc_column_inner width=\u00bb1\/2&#8243; css=\u00bb.vc_custom_1705915511441{margin-top: -7em !important;margin-right: 0px !important;margin-bottom: 0px !important;margin-left: 0px !important;padding-top: 0px !important;padding-right: 0px !important;padding-bottom: 0px !important;padding-left: 0px !important;background-color: #09124b !important;}\u00bb][vc_single_image image=\u00bb3911&#8243; img_size=\u00bbfull\u00bb css=\u00bb.vc_custom_1706276118834{margin-top: 0px !important;margin-right: 0px !important;margin-bottom: 0px !important;margin-left: 0px !important;padding-top: 0px !important;padding-right: 0px !important;padding-bottom: 0px !important;padding-left: 0px !important;}\u00bb][\/vc_column_inner][vc_column_inner width=\u00bb1\/2&#8243; css=\u00bb.vc_custom_1705945571359{padding-top: 10% !important;padding-right: 10% !important;padding-bottom: 10% !important;padding-left: 10% !important;background-color: #ffffff !important;}\u00bb]\n\t<div class=\"title-subtitle-box  vc_custom_1721441231076\" style=\" text-align: left;\">\n\t\t<h1 style=\" color:#09124b;  font-style: normal;\" class=\"special-title\" >\n\t\t<span style=\" color:#09124b; \">LIMONES BELSAN<\/span>VERNA<\/h1>\n\t\t<span class=\"gg-horizontal-line\"  ><\/span>\n\t<\/div> [vc_column_text css=\u00bb.vc_custom_1721441296069{margin-top: 0px !important;margin-bottom: 0px !important;padding-top: 0px !important;padding-bottom: 0px !important;}\u00bb]Se trata de una variedad de corteza m\u00e1s dura que se planta ampliamente en la temporada de verano.<\/p>\n<p>La recolecci\u00f3n comienza a finales de mayo y se prolonga hasta mediados de julio. Se caracteriza por ser un lim\u00f3n que dura mucho m\u00e1s que el lim\u00f3n primofiori\u00a0gracias a su corteza dura.[\/vc_column_text][vc_column_text css=\u00bb.vc_custom_1721441334822{margin-top: 30px !important;margin-bottom: 0px !important;padding-top: 0px !important;padding-bottom: 0px !important;}\u00bb]<\/p>\n<h6><span style=\"color: #09124b; font-size: 16px;\">CALENDARIO:<\/span><\/h6>\n<p>De septiembre a mayo.[\/vc_column_text][vc_column_text css=\u00bb.vc_custom_1706700058372{margin-top: 30px !important;margin-bottom: 0px !important;padding-top: 0px !important;padding-bottom: 0px !important;}\u00bb]<\/p>\n<h6><span style=\"color: #09124b; font-size: 16px;\">PACKAGING:<\/span><\/h6>\n<p>[\/vc_column_text][vc_toggle title=\u00bbBelsan\u00bb style=\u00bbsimple\u00bb size=\u00bblg\u00bb custom_font_container=\u00bbtag:h6|font_size:18px|text_align:left|color:%2309124b|line_height:32px\u00bb custom_google_fonts=\u00bbfont_family:Prata%3Aregular|font_style:400%20regular%3A400%3Anormal\u00bb css=\u00bb.vc_custom_1706700071808{margin-top: 10px !important;margin-bottom: 0px !important;margin-left: 15px !important;padding-top: 0px !important;padding-bottom: 0px !important;}\u00bb use_custom_heading=\u00bbtrue\u00bb]<\/p>\n<ul>\n<li>Lemon in a 5 kilo cardboard box.<\/li>\n<li>Lemon in a 5 kilo wooden box.<\/li>\n<li>Lemon in a 6 kilo plastic box.<\/li>\n<li>Lemon in a 6 kilo cardboard box.<\/li>\n<li>Lemon in a 6 kilo wooden box.<\/li>\n<li>Lemon in a 10 kilo cardboard box.<\/li>\n<li>Lemon in a 10 kilo wooden box.<\/li>\n<li>Lemon in a 15 kilo cardboard box.<\/li>\n<li>Lemon in 500 gram mesh.<\/li>\n<li>Lemon in 750 gram mesh.<\/li>\n<li>Lemon in 1 kilo mesh.<\/li>\n<\/ul>\n<p>[\/vc_toggle][vc_toggle title=\u00bbBelsan con hoja\u00bb style=\u00bbsimple\u00bb size=\u00bblg\u00bb custom_font_container=\u00bbtag:h6|font_size:18px|text_align:left|color:%2309124b|line_height:32px\u00bb custom_google_fonts=\u00bbfont_family:Prata%3Aregular|font_style:400%20regular%3A400%3Anormal\u00bb css=\u00bb.vc_custom_1721462024588{margin-top: 10px !important;margin-bottom: 0px !important;margin-left: 15px !important;padding-top: 0px !important;padding-bottom: 0px !important;}\u00bb use_custom_heading=\u00bbtrue\u00bb]<\/p>\n<ul>\n<li>Lim\u00f3n con hoja en caja de 7 kilos.<\/li>\n<li>Lim\u00f3n con hoja en bandeja de 7 kilos.<\/li>\n<li>Lim\u00f3n con hoja en caja de 15 kilos.<\/li>\n<\/ul>\n<p>[\/vc_toggle][vc_toggle title=\u00bbBelsan bio\u00bb style=\u00bbsimple\u00bb size=\u00bblg\u00bb custom_font_container=\u00bbtag:h6|font_size:18px|text_align:left|color:%2309124b|line_height:32px\u00bb custom_google_fonts=\u00bbfont_family:Prata%3Aregular|font_style:400%20regular%3A400%3Anormal\u00bb css=\u00bb.vc_custom_1721441406466{margin-top: 10px !important;margin-bottom: 0px !important;margin-left: 15px !important;padding-top: 0px !important;padding-bottom: 0px !important;}\u00bb use_custom_heading=\u00bbtrue\u00bb]<\/p>\n<ul>\n<li>Lim\u00f3n en caja de 5 kilos.<\/li>\n<li>Lim\u00f3n en malla.<\/li>\n<\/ul>\n<p>[\/vc_toggle][\/vc_column_inner][\/vc_row_inner][\/vc_column][\/vc_row][vc_row full_width=\u00bbstretch_row\u00bb css=\u00bb.vc_custom_1705964358799{margin-top: 0px !important;margin-bottom: 150px !important;padding-top: 0px !important;padding-bottom: 0px !important;background-color: #09124b !important;background-position: center !important;background-repeat: no-repeat !important;background-size: cover !important;}\u00bb el_class=\u00bbno-overflow\u00bb][vc_column css=\u00bb.vc_custom_1705946075850{margin-top: 0px !important;padding-top: 0px !important;}\u00bb][vc_row_inner content_placement=\u00bbtop\u00bb css=\u00bb.vc_custom_1705946086210{padding-top: 4em !important;}\u00bb][vc_column_inner width=\u00bb1\/2&#8243; css=\u00bb.vc_custom_1705915511441{margin-top: -7em !important;margin-right: 0px !important;margin-bottom: 0px !important;margin-left: 0px !important;padding-top: 0px !important;padding-right: 0px !important;padding-bottom: 0px !important;padding-left: 0px !important;background-color: #09124b !important;}\u00bb][vc_single_image image=\u00bb3912&#8243; img_size=\u00bbfull\u00bb css=\u00bb.vc_custom_1706276337275{margin-top: 0px !important;margin-right: 0px !important;margin-bottom: 0px !important;margin-left: 0px !important;padding-top: 0px !important;padding-right: 0px !important;padding-bottom: 0px !important;padding-left: 0px !important;}\u00bb][\/vc_column_inner][vc_column_inner width=\u00bb1\/2&#8243; css=\u00bb.vc_custom_1705945571359{padding-top: 10% !important;padding-right: 10% !important;padding-bottom: 10% !important;padding-left: 10% !important;background-color: #ffffff !important;}\u00bb]\n\t<div class=\"title-subtitle-box  vc_custom_1721441422966\" style=\" text-align: left;\">\n\t\t<h1 style=\" color:#09124b;  font-style: normal;\" class=\"special-title\" >\n\t\t<span style=\" color:#09124b; \">LIMONES BELSAN<\/span>EUREKA<\/h1>\n\t\t<span class=\"gg-horizontal-line\"  ><\/span>\n\t<\/div> [vc_column_text css=\u00bb.vc_custom_1721441431895{margin-top: 0px !important;margin-bottom: 0px !important;padding-top: 0px !important;padding-bottom: 0px !important;}\u00bb]Es un lim\u00f3n que es una segunda flor de verna que se puede encontrar en la temporada de verano.<\/p>\n<p>Se recolecta a finales de julio, se recoge en verde y se desverdiza en c\u00e1maras. Se caracteriza por ser un lim\u00f3n un poco rugoso con mucho aroma y una vida algo m\u00e1s corta que sus hermanos, el primofiori y el verna.[\/vc_column_text][vc_column_text css=\u00bb.vc_custom_1721441504332{margin-top: 30px !important;margin-bottom: 0px !important;padding-top: 0px !important;padding-bottom: 0px !important;}\u00bb]<\/p>\n<h6><span style=\"color: #09124b; font-size: 16px;\">CALENDARIO:<\/span><\/h6>\n<p>De agosto a septiembre.[\/vc_column_text][vc_column_text css=\u00bb.vc_custom_1721441515702{margin-top: 30px !important;margin-bottom: 0px !important;padding-top: 0px !important;padding-bottom: 0px !important;}\u00bb]<\/p>\n<h6><span style=\"color: #09124b; font-size: 16px;\">EMBALAJE:<\/span><\/h6>\n<p>[\/vc_column_text][vc_toggle title=\u00bbBelsan\u00bb style=\u00bbsimple\u00bb size=\u00bblg\u00bb custom_font_container=\u00bbtag:h6|font_size:18px|text_align:left|color:%2309124b|line_height:32px\u00bb custom_google_fonts=\u00bbfont_family:Prata%3Aregular|font_style:400%20regular%3A400%3Anormal\u00bb css=\u00bb.vc_custom_1721441550620{margin-top: 10px !important;margin-bottom: 0px !important;margin-left: 15px !important;padding-top: 0px !important;padding-bottom: 0px !important;}\u00bb use_custom_heading=\u00bbtrue\u00bb]<\/p>\n<ul>\n<li>Lim\u00f3n en caja de cart\u00f3n de 5 kilos.<\/li>\n<li>Lim\u00f3n en caja de madera de 5 kilos.<\/li>\n<li>Lim\u00f3n en caja de pl\u00e1stico de 6 kilos.<\/li>\n<li>Lim\u00f3n en caja de cart\u00f3n de 6 kilos.<\/li>\n<li>Lim\u00f3n en caja de madera de 6 kilos.<\/li>\n<li>Lim\u00f3n en caja de cart\u00f3n de 10 kilos.<\/li>\n<li>Lim\u00f3n en caja de madera de 10 kilos.<\/li>\n<li>Lim\u00f3n en caja de cart\u00f3n de 15 kilos.<\/li>\n<li>Lim\u00f3n en malla de 500 gramos.<\/li>\n<li>Lim\u00f3n en malla de 750 gramos.<\/li>\n<li>Lim\u00f3n en malla de 1 kilo.<\/li>\n<\/ul>\n<p>[\/vc_toggle][vc_toggle title=\u00bbBelsan con hoja\u00bb style=\u00bbsimple\u00bb size=\u00bblg\u00bb custom_font_container=\u00bbtag:h6|font_size:18px|text_align:left|color:%2309124b|line_height:32px\u00bb custom_google_fonts=\u00bbfont_family:Prata%3Aregular|font_style:400%20regular%3A400%3Anormal\u00bb css=\u00bb.vc_custom_1721462030942{margin-top: 10px !important;margin-bottom: 0px !important;margin-left: 15px !important;padding-top: 0px !important;padding-bottom: 0px !important;}\u00bb use_custom_heading=\u00bbtrue\u00bb]<\/p>\n<ul>\n<li>Lim\u00f3n con hoja en caja de 7 kilos.<\/li>\n<li>Lim\u00f3n con hoja en bandeja de 7 kilos.<\/li>\n<li>Lim\u00f3n con hoja en caja de 15 kilos.<\/li>\n<\/ul>\n<p>[\/vc_toggle][vc_toggle title=\u00bbBelsan bio\u00bb style=\u00bbsimple\u00bb size=\u00bblg\u00bb custom_font_container=\u00bbtag:h6|font_size:18px|text_align:left|color:%2309124b|line_height:32px\u00bb custom_google_fonts=\u00bbfont_family:Prata%3Aregular|font_style:400%20regular%3A400%3Anormal\u00bb css=\u00bb.vc_custom_1721441577818{margin-top: 10px !important;margin-bottom: 0px !important;margin-left: 15px !important;padding-top: 0px !important;padding-bottom: 0px !important;}\u00bb use_custom_heading=\u00bbtrue\u00bb]<\/p>\n<ul>\n<li>Lim\u00f3n en caja de 5 kilos.<\/li>\n<li>Lim\u00f3n en malla.<\/li>\n<\/ul>\n<p>[\/vc_toggle][\/vc_column_inner][\/vc_row_inner][\/vc_column][\/vc_row][vc_row full_width=\u00bbstretch_row\u00bb css=\u00bb.vc_custom_1705964358799{margin-top: 0px !important;margin-bottom: 150px !important;padding-top: 0px !important;padding-bottom: 0px !important;background-color: #09124b !important;background-position: center !important;background-repeat: no-repeat !important;background-size: cover !important;}\u00bb el_class=\u00bbno-overflow\u00bb][vc_column css=\u00bb.vc_custom_1705946075850{margin-top: 0px !important;padding-top: 0px !important;}\u00bb][vc_row_inner content_placement=\u00bbtop\u00bb css=\u00bb.vc_custom_1705946086210{padding-top: 4em !important;}\u00bb][vc_column_inner width=\u00bb1\/2&#8243; css=\u00bb.vc_custom_1705915511441{margin-top: -7em !important;margin-right: 0px !important;margin-bottom: 0px !important;margin-left: 0px !important;padding-top: 0px !important;padding-right: 0px !important;padding-bottom: 0px !important;padding-left: 0px !important;background-color: #09124b !important;}\u00bb][vc_single_image image=\u00bb3913&#8243; img_size=\u00bbfull\u00bb css=\u00bb.vc_custom_1706276401380{margin-top: 0px !important;margin-right: 0px !important;margin-bottom: 0px !important;margin-left: 0px !important;padding-top: 0px !important;padding-right: 0px !important;padding-bottom: 0px !important;padding-left: 0px !important;}\u00bb][\/vc_column_inner][vc_column_inner width=\u00bb1\/2&#8243; css=\u00bb.vc_custom_1705945571359{padding-top: 10% !important;padding-right: 10% !important;padding-bottom: 10% !important;padding-left: 10% !important;background-color: #ffffff !important;}\u00bb]\n\t<div class=\"title-subtitle-box  vc_custom_1721441616235\" style=\" text-align: left;\">\n\t\t<h1 style=\" color:#09124b;  font-style: normal;\" class=\"special-title\" >\n\t\t<span style=\" color:#09124b; \">LIMONES BELSAN<\/span>LIM\u00d3N ROSADO<\/h1>\n\t\t<span class=\"gg-horizontal-line\"  ><\/span>\n\t<\/div> [vc_column_text css=\u00bb.vc_custom_1721441631659{margin-top: 0px !important;margin-bottom: 0px !important;padding-top: 0px !important;padding-bottom: 0px !important;}\u00bb]Esta es una variedad de California cultivada exclusivamente por Belsan Lemons.<\/p>\n<p>La recolecci\u00f3n comienza a finales de septiembre y con esta variedad logramos llegar hasta mediados de mayo. A\u00fan no tenemos disponibilidad total de esta variedad porque estamos en proceso de cultivo de los \u00e1rboles.[\/vc_column_text][vc_column_text css=\u00bb.vc_custom_1721441645219{margin-top: 30px !important;margin-bottom: 0px !important;padding-top: 0px !important;padding-bottom: 0px !important;}\u00bb]<\/p>\n<h6><span style=\"color: #09124b; font-size: 16px;\">CALENDARIO:<\/span><\/h6>\n<p>De septiembre a mayo.[\/vc_column_text][vc_column_text css=\u00bb.vc_custom_1721441653137{margin-top: 30px !important;margin-bottom: 0px !important;padding-top: 0px !important;padding-bottom: 0px !important;}\u00bb]<\/p>\n<h6><span style=\"color: #09124b; font-size: 16px;\">EMBALAJE:<\/span><\/h6>\n<p>[\/vc_column_text][vc_toggle title=\u00bbBelsan\u00bb style=\u00bbsimple\u00bb size=\u00bblg\u00bb custom_font_container=\u00bbtag:h6|font_size:18px|text_align:left|color:%2309124b|line_height:32px\u00bb custom_google_fonts=\u00bbfont_family:Prata%3Aregular|font_style:400%20regular%3A400%3Anormal\u00bb css=\u00bb.vc_custom_1721441676659{margin-top: 10px !important;margin-bottom: 0px !important;margin-left: 15px !important;padding-top: 0px !important;padding-bottom: 0px !important;}\u00bb use_custom_heading=\u00bbtrue\u00bb]<\/p>\n<ul>\n<li>Lim\u00f3n en caja de cart\u00f3n de 5 kilos.<\/li>\n<li>Lim\u00f3n en caja de madera de 5 kilos.<\/li>\n<li>Lim\u00f3n en caja de pl\u00e1stico de 6 kilos.<\/li>\n<li>Lim\u00f3n en caja de cart\u00f3n de 6 kilos.<\/li>\n<li>Lim\u00f3n en caja de madera de 6 kilos.<\/li>\n<li>Lim\u00f3n en caja de cart\u00f3n de 10 kilos.<\/li>\n<li>Lim\u00f3n en caja de madera de 10 kilos.<\/li>\n<li>Lim\u00f3n en caja de cart\u00f3n de 15 kilos.<\/li>\n<li>Lim\u00f3n en malla de 500 gramos.<\/li>\n<li>Lim\u00f3n en malla de 750 gramos.<\/li>\n<li>Lim\u00f3n en malla de 1 kilo.<\/li>\n<\/ul>\n<p>[\/vc_toggle][vc_toggle title=\u00bbBelsan con hoja\u00bb style=\u00bbsimple\u00bb size=\u00bblg\u00bb custom_font_container=\u00bbtag:h6|font_size:18px|text_align:left|color:%2309124b|line_height:32px\u00bb custom_google_fonts=\u00bbfont_family:Prata%3Aregular|font_style:400%20regular%3A400%3Anormal\u00bb css=\u00bb.vc_custom_1721462037302{margin-top: 10px !important;margin-bottom: 0px !important;margin-left: 15px !important;padding-top: 0px !important;padding-bottom: 0px !important;}\u00bb use_custom_heading=\u00bbtrue\u00bb]<\/p>\n<ul>\n<li>Lim\u00f3n con hoja en caja de 7 kilos.<\/li>\n<li>Lim\u00f3n con hoja en bandeja de 7 kilos.<\/li>\n<li>Lim\u00f3n con hoja en caja de 15 kilos.<\/li>\n<\/ul>\n<p>[\/vc_toggle][vc_toggle title=\u00bbBelsan bio\u00bb style=\u00bbsimple\u00bb size=\u00bblg\u00bb custom_font_container=\u00bbtag:h6|font_size:18px|text_align:left|color:%2309124b|line_height:32px\u00bb custom_google_fonts=\u00bbfont_family:Prata%3Aregular|font_style:400%20regular%3A400%3Anormal\u00bb css=\u00bb.vc_custom_1721441696926{margin-top: 10px !important;margin-bottom: 0px !important;margin-left: 15px !important;padding-top: 0px !important;padding-bottom: 0px !important;}\u00bb use_custom_heading=\u00bbtrue\u00bb]<\/p>\n<ul>\n<li>Lim\u00f3n en caja de 5 kilos.<\/li>\n<li>Lim\u00f3n en malla.<\/li>\n<\/ul>\n<p>[\/vc_toggle][\/vc_column_inner][\/vc_row_inner][\/vc_column][\/vc_row][vc_row full_width=\u00bbstretch_row\u00bb css=\u00bb.vc_custom_1705964358799{margin-top: 0px !important;margin-bottom: 150px !important;padding-top: 0px !important;padding-bottom: 0px !important;background-color: #09124b !important;background-position: center !important;background-repeat: no-repeat !important;background-size: cover !important;}\u00bb el_class=\u00bbno-overflow\u00bb][vc_column css=\u00bb.vc_custom_1705946075850{margin-top: 0px !important;padding-top: 0px !important;}\u00bb][vc_row_inner content_placement=\u00bbtop\u00bb css=\u00bb.vc_custom_1705946086210{padding-top: 4em !important;}\u00bb][vc_column_inner width=\u00bb1\/2&#8243; css=\u00bb.vc_custom_1705915511441{margin-top: -7em !important;margin-right: 0px !important;margin-bottom: 0px !important;margin-left: 0px !important;padding-top: 0px !important;padding-right: 0px !important;padding-bottom: 0px !important;padding-left: 0px !important;background-color: #09124b !important;}\u00bb][vc_single_image image=\u00bb4181&#8243; img_size=\u00bbfull\u00bb css=\u00bb.vc_custom_1706276924766{margin-top: 0px !important;margin-right: 0px !important;margin-bottom: 0px !important;margin-left: 0px !important;padding-top: 0px !important;padding-right: 0px !important;padding-bottom: 0px !important;padding-left: 0px !important;}\u00bb][\/vc_column_inner][vc_column_inner width=\u00bb1\/2&#8243; css=\u00bb.vc_custom_1705945571359{padding-top: 10% !important;padding-right: 10% !important;padding-bottom: 10% !important;padding-left: 10% !important;background-color: #ffffff !important;}\u00bb]\n\t<div class=\"title-subtitle-box  vc_custom_1721441726634\" style=\" text-align: left;\">\n\t\t<h1 style=\" color:#09124b;  font-style: normal;\" class=\"special-title\" >\n\t\t<span style=\" color:#09124b; \">ESTRELLA RUB\u00cd<\/span>POMELO<\/h1>\n\t\t<span class=\"gg-horizontal-line\"  ><\/span>\n\t<\/div> [vc_column_text css=\u00bb.vc_custom_1721441736491{margin-top: 0px !important;margin-bottom: 0px !important;padding-top: 0px !important;padding-bottom: 0px !important;}\u00bb]El sabor del pomelo es uno de los m\u00e1s especiales de todos los c\u00edtricos, un sabor que es como un h\u00edbrido entre naranja y lim\u00f3n, un sabor que est\u00e1 a medio camino entre lo amargo, lo dulce y lo \u00e1cido, a quien le guste le encantar\u00e1. El agua es el componente principal de este c\u00edtrico y son muy ricos en vitamina C y \u00e1cido f\u00f3lico, adem\u00e1s de un alto porcentaje de magnesio y potasio y \u00e1cidos c\u00edtrico, m\u00e1lico, ox\u00e1lico y tart\u00e1rico.<\/p>\n<p>Nuestro pomelo rojo (Star Ruby): en producci\u00f3n desde finales de noviembre hasta mayo. De forma esf\u00e9rica ligeramente achatada y tama\u00f1o medio-grande, su color exterior es amarillo con algunos tonos rojizos y su piel es lisa y fina. Su pulpa es roja y sin semillas. Tiene mucho zumo con un sabor m\u00e1s dulce y menos amargo que otras variedades de pomelo.[\/vc_column_text][vc_column_text css=\u00bb.vc_custom_1721441753008{margin-top: 30px !important;margin-bottom: 0px !important;padding-top: 0px !important;padding-bottom: 0px !important;}\u00bb]<\/p>\n<h6><span style=\"color: #09124b; font-size: 16px;\">CALENDARIO:<\/span><\/h6>\n<p>De septiembre a mayo.[\/vc_column_text][vc_column_text css=\u00bb.vc_custom_1721461624051{margin-top: 30px !important;margin-bottom: 0px !important;padding-top: 0px !important;padding-bottom: 0px !important;}\u00bb]<\/p>\n<h6><span style=\"color: #09124b; font-size: 16px;\">TABLAS DE PESO:<\/span><\/h6>\n<p><span style=\"color: #09124b;\">15 kg. Calibres 40, 45, 50, 55, 60. piezas<br \/>\n7 kg. Calibres 18, 22, 24. piezas<br \/>\n<\/span>[\/vc_column_text][\/vc_column_inner][\/vc_row_inner][\/vc_column][\/vc_row][vc_row full_width=\u00bbstretch_row\u00bb css=\u00bb.vc_custom_1705964358799{margin-top: 0px !important;margin-bottom: 150px !important;padding-top: 0px !important;padding-bottom: 0px !important;background-color: #09124b !important;background-position: center !important;background-repeat: no-repeat !important;background-size: cover !important;}\u00bb el_class=\u00bbno-overflow\u00bb][vc_column css=\u00bb.vc_custom_1705946075850{margin-top: 0px !important;padding-top: 0px !important;}\u00bb][vc_row_inner content_placement=\u00bbtop\u00bb css=\u00bb.vc_custom_1705946086210{padding-top: 4em !important;}\u00bb][vc_column_inner width=\u00bb1\/2&#8243; css=\u00bb.vc_custom_1705915511441{margin-top: -7em !important;margin-right: 0px !important;margin-bottom: 0px !important;margin-left: 0px !important;padding-top: 0px !important;padding-right: 0px !important;padding-bottom: 0px !important;padding-left: 0px !important;background-color: #09124b !important;}\u00bb][vc_single_image image=\u00bb4182&#8243; img_size=\u00bbfull\u00bb css=\u00bb.vc_custom_1706276934468{margin-top: 0px !important;margin-right: 0px !important;margin-bottom: 0px !important;margin-left: 0px !important;padding-top: 0px !important;padding-right: 0px !important;padding-bottom: 0px !important;padding-left: 0px !important;}\u00bb][\/vc_column_inner][vc_column_inner width=\u00bb1\/2&#8243; css=\u00bb.vc_custom_1705945571359{padding-top: 10% !important;padding-right: 10% !important;padding-bottom: 10% !important;padding-left: 10% !important;background-color: #ffffff !important;}\u00bb]\n\t<div class=\"title-subtitle-box  vc_custom_1721441951547\" style=\" text-align: left;\">\n\t\t<h1 style=\" color:#09124b;  font-style: normal;\" class=\"special-title\" >NARANJAS<\/h1>\n\t\t<span class=\"gg-horizontal-line\"  ><\/span>\n\t<\/div> [vc_column_text css=\u00bb.vc_custom_1721442072307{margin-top: 0px !important;margin-bottom: 0px !important;padding-top: 0px !important;padding-bottom: 0px !important;}\u00bb]De nuestras fincas, naranjas para comer y zumo. Las variedades que tenemos son las m\u00e1s ricas para comer del mundo.<\/p>\n<p>Elegidos por su belleza, frescura y sabor, si pruebas uno de nuestros campos saborear\u00e1s los m\u00e1s puros, reci\u00e9n recogidos del \u00e1rbol.<\/p>\n<p>Nuestras naranjas ser\u00e1n recogidas del \u00e1rbol en su punto exacto de maduraci\u00f3n, empacadas meticulosamente y enviadas a tu puerta, donde podr\u00e1s disfrutar del sabor y la frescura de una fruta reci\u00e9n recolectada. Garantizamos un producto 100% natural sin intermediarios.[\/vc_column_text][vc_column_text css=\u00bb.vc_custom_1721442098801{margin-top: 30px !important;margin-bottom: 0px !important;padding-top: 0px !important;padding-bottom: 0px !important;}\u00bb]<\/p>\n<h6><span style=\"color: #09124b; font-size: 16px;\">CALENDARIO:<\/span><\/h6>\n<p>De septiembre a mayo.[\/vc_column_text][vc_column_text css=\u00bb.vc_custom_1721461632246{margin-top: 30px !important;margin-bottom: 0px !important;padding-top: 0px !important;padding-bottom: 0px !important;}\u00bb]<\/p>\n<h6><span style=\"color: #09124b; font-size: 16px;\">TABLAS DE PESO:<\/span><\/h6>\n<p>15 kilos. Calibres 36, 42, 48, 54, 60, 70, 90, 108. piezas[\/vc_column_text][\/vc_column_inner][\/vc_row_inner][\/vc_column][\/vc_row]<\/p>\n<\/div>","protected":false},"excerpt":{"rendered":"<p>[vc_row full_width=\u00bbstretch_row\u00bb css=\u00bb.vc_custom_1705946023842{margin-top: 50px !important;margin-bottom: 0px !important;padding-top: 0px !important;padding-bottom: 0px !important;}\u00bb][vc_column][vc_row_inner css=\u00bb.vc_custom_1705945968344{margin-bottom: 0px !important;padding-bottom: 0px !important;}\u00bb][vc_column_inner width=\u00bb1\/4&#8243;][\/vc_column_inner][vc_column_inner width=\u00bb1\/2&#8243;][\/vc_column_inner][vc_column_inner width=\u00bb1\/4&#8243;][\/vc_column_inner][\/vc_row_inner][\/vc_column][\/vc_row][vc_row full_width=\u00bbstretch_row\u00bb css=\u00bb.vc_custom_1705964358799{margin-top: 0px !important;margin-bottom: 150px !important;padding-top: 0px !important;padding-bottom: 0px !important;background-color: #09124b !important;background-position: center !important;background-repeat: no-repeat !important;background-size: cover !important;}\u00bb el_class=\u00bbno-overflow\u00bb][vc_column css=\u00bb.vc_custom_1705946075850{margin-top: 0px !important;padding-top: 0px !important;}\u00bb][vc_row_inner content_placement=\u00bbtop\u00bb css=\u00bb.vc_custom_1705946086210{padding-top: 4em !important;}\u00bb][vc_column_inner width=\u00bb1\/2&#8243; css=\u00bb.vc_custom_1705915511441{margin-top: -7em !important;margin-right: 0px !important;margin-bottom: 0px !important;margin-left:<\/p>\n<p class=\"more-link-wrapper\"><a class=\"btn btn-primary\" href=\"https:\/\/belsangrowers.com\/es\/nuestras-variedades\/\">Read More<\/a><\/p>\n","protected":false},"author":1,"featured_media":4385,"parent":0,"menu_order":0,"comment_status":"closed","ping_status":"closed","template":"","meta":{"inline_featured_image":false,"footnotes":""},"acf":[],"_links":{"self":[{"href":"https:\/\/belsangrowers.com\/es\/wp-json\/wp\/v2\/pages\/4465"}],"collection":[{"href":"https:\/\/belsangrowers.com\/es\/wp-json\/wp\/v2\/pages"}],"about":[{"href":"https:\/\/belsangrowers.com\/es\/wp-json\/wp\/v2\/types\/page"}],"author":[{"embeddable":true,"href":"https:\/\/belsangrowers.com\/es\/wp-json\/wp\/v2\/users\/1"}],"replies":[{"embeddable":true,"href":"https:\/\/belsangrowers.com\/es\/wp-json\/wp\/v2\/comments?post=4465"}],"version-history":[{"count":6,"href":"https:\/\/belsangrowers.com\/es\/wp-json\/wp\/v2\/pages\/4465\/revisions"}],"predecessor-version":[{"id":4513,"href":"https:\/\/belsangrowers.com\/es\/wp-json\/wp\/v2\/pages\/4465\/revisions\/4513"}],"wp:featuredmedia":[{"embeddable":true,"href":"https:\/\/belsangrowers.com\/es\/wp-json\/wp\/v2\/media\/4385"}],"wp:attachment":[{"href":"https:\/\/belsangrowers.com\/es\/wp-json\/wp\/v2\/media?parent=4465"}],"curies":[{"name":"wp","href":"https:\/\/api.w.org\/{rel}","templated":true}]}}